{"id":1508,"date":"2018-07-30T07:42:47","date_gmt":"2018-07-30T07:42:47","guid":{"rendered":"https:\/\/inteo.umh.es\/publicaciones\/"},"modified":"2026-01-20T11:54:38","modified_gmt":"2026-01-20T11:54:38","slug":"publicaciones","status":"publish","type":"page","link":"https:\/\/inteo.umh.es\/en\/publicaciones\/","title":{"rendered":"Publications"},"content":{"rendered":"<p>[et_pb_section fb_built=&#8221;1&#8243; fullwidth=&#8221;on&#8221; custom_padding_last_edited=&#8221;on|desktop&#8221; disabled_on=&#8221;off|off|off&#8221; admin_label=&#8221;section&#8221; _builder_version=&#8221;4.17.4&#8243; background_color=&#8221;RGBA(255,255,255,0)&#8221; custom_padding_tablet=&#8221;3px|0|2px|0||&#8221; custom_padding_phone=&#8221;2px|0|2px|0||&#8221; background_last_edited=&#8221;off|desktop&#8221; transparent_background=&#8221;off&#8221; padding_mobile=&#8221;off&#8221; make_fullwidth=&#8221;off&#8221; use_custom_width=&#8221;off&#8221; width_unit=&#8221;on&#8221; global_colors_info=&#8221;{}&#8221;][et_pb_fullwidth_menu menu_id=&#8221;298916&#8243; submenu_direction=&#8221;downwards&#8221; fullwidth_menu=&#8221;off&#8221; active_link_color=&#8221;#93b247&#8243; dropdown_menu_bg_color=&#8221;#118425&#8243; dropdown_menu_line_color=&#8221;#FFFFFF&#8221; dropdown_menu_text_color=&#8221;#FFFFFF&#8221; dropdown_menu_active_link_color=&#8221;#93b247&#8243; mobile_menu_bg_color=&#8221;#118425&#8243; mobile_menu_text_color=&#8221;#FFFFFF&#8221; logo_url=&#8221;@ET-DC@eyJkeW5hbWljIjp0cnVlLCJjb250ZW50IjoiaG9tZV91cmwiLCJzZXR0aW5ncyI6e319@&#8221; logo_max_height=&#8221;42px&#8221; cart_icon_color=&#8221;#FFFFFF&#8221; search_icon_color=&#8221;#FFFFFF&#8221; menu_icon_color=&#8221;#FFFFFF&#8221; menu_icon_font_size=&#8221;50px&#8221; active_link_color_tablet=&#8221;#93b247&#8243; active_link_color_phone=&#8221;#93b247&#8243; active_link_color_last_edited=&#8221;on|desktop&#8221; dropdown_menu_line_color_tablet=&#8221;#FFFFFF&#8221; dropdown_menu_line_color_phone=&#8221;#FFFFFF&#8221; dropdown_menu_line_color_last_edited=&#8221;on|tablet&#8221; mobile_menu_bg_color_tablet=&#8221;#118425&#8243; mobile_menu_bg_color_phone=&#8221;#118425&#8243; mobile_menu_bg_color_last_edited=&#8221;on|tablet&#8221; mobile_menu_text_color_tablet=&#8221;#FFFFFF&#8221; mobile_menu_text_color_phone=&#8221;#FFFFFF&#8221; mobile_menu_text_color_last_edited=&#8221;on|desktop&#8221; logo_tablet=&#8221;&#8221; logo_phone=&#8221;&#8221; logo_last_edited=&#8221;on|desktop&#8221; logo_width_tablet=&#8221;&#8221; logo_width_phone=&#8221;&#8221; logo_width_last_edited=&#8221;on|tablet&#8221; logo_max_height_tablet=&#8221;40px&#8221; logo_max_height_phone=&#8221;40px&#8221; logo_max_height_last_edited=&#8221;on|desktop&#8221; menu_icon_font_size_tablet=&#8221;&#8221; menu_icon_font_size_phone=&#8221;50px&#8221; menu_icon_font_size_last_edited=&#8221;on|phone&#8221; admin_label=&#8221;Men\u00fa de anchura completa&#8221; _builder_version=&#8221;4.17.4&#8243; _dynamic_attributes=&#8221;logo_url&#8221; menu_font=&#8221;|600|||||||&#8221; menu_text_color=&#8221;#FFFFFF&#8221; menu_font_size=&#8221;17px&#8221; background_color=&#8221;#118425&#8243; text_orientation=&#8221;center&#8221; background_layout=&#8221;dark&#8221; min_height_last_edited=&#8221;off|desktop&#8221; custom_margin_tablet=&#8221;||||false|false&#8221; custom_margin_phone=&#8221;||||false|false&#8221; custom_margin_last_edited=&#8221;on|desktop&#8221; custom_padding=&#8221;||||false|false&#8221; custom_padding_tablet=&#8221;|50px|||false|false&#8221; custom_padding_phone=&#8221;|50px|||false|false&#8221; custom_padding_last_edited=&#8221;on|phone&#8221; menu_text_color_tablet=&#8221;#FFFFFF&#8221; menu_text_color_phone=&#8221;#FFFFFF&#8221; menu_text_color_last_edited=&#8221;on|desktop&#8221; background_last_edited=&#8221;on|desktop&#8221; text_orientation_tablet=&#8221;&#8221; text_orientation_phone=&#8221;&#8221; text_orientation_last_edited=&#8221;on|tablet&#8221; module_alignment_tablet=&#8221;left&#8221; module_alignment_phone=&#8221;left&#8221; module_alignment_last_edited=&#8221;on|tablet&#8221; menu_text_shadow_style=&#8221;preset5&#8243; border_width_all=&#8221;0px&#8221; saved_tabs=&#8221;all&#8221; global_colors_info=&#8221;{}&#8221;][\/et_pb_fullwidth_menu][et_pb_fullwidth_slider show_arrows=&#8221;off&#8221; show_pagination=&#8221;off&#8221; admin_label=&#8221;Control deslizante de anchura completa&#8221; _builder_version=&#8221;4.17.4&#8243; custom_padding=&#8221;50px||50px|&#8221; custom_padding_tablet=&#8221;|||&#8221; custom_padding_phone=&#8221;|||&#8221; auto=&#8221;on&#8221; auto_speed=&#8221;3000&#8243; auto_ignore_hover=&#8221;on&#8221; hover_enabled=&#8221;0&#8243; custom_css_slide_description=&#8221;animation-name: none;&#8221; top_padding=&#8221;50px&#8221; bottom_padding=&#8221;50px&#8221; remove_inner_shadow=&#8221;on&#8221; hide_content_on_mobile=&#8221;off&#8221; hide_cta_on_mobile=&#8221;off&#8221; show_inner_shadow=&#8221;off&#8221; button_letter_spacing_hover=&#8221;0&#8243; saved_tabs=&#8221;all&#8221; global_colors_info=&#8221;{}&#8221; button_text_size__hover_enabled=&#8221;off&#8221; button_one_text_size__hover_enabled=&#8221;off&#8221; button_two_text_size__hover_enabled=&#8221;off&#8221; button_text_color__hover_enabled=&#8221;off&#8221; button_one_text_color__hover_enabled=&#8221;off&#8221; button_two_text_color__hover_enabled=&#8221;off&#8221; button_border_width__hover_enabled=&#8221;off&#8221; button_one_border_width__hover_enabled=&#8221;off&#8221; button_two_border_width__hover_enabled=&#8221;off&#8221; button_border_color__hover_enabled=&#8221;off&#8221; button_one_border_color__hover_enabled=&#8221;off&#8221; button_two_border_color__hover_enabled=&#8221;off&#8221; button_border_radius__hover_enabled=&#8221;off&#8221; button_one_border_radius__hover_enabled=&#8221;off&#8221; button_two_border_radius__hover_enabled=&#8221;off&#8221; button_letter_spacing__hover_enabled=&#8221;on&#8221; button_letter_spacing__hover=&#8221;0&#8243; button_one_letter_spacing__hover_enabled=&#8221;off&#8221; button_two_letter_spacing__hover_enabled=&#8221;off&#8221; button_bg_color__hover_enabled=&#8221;off&#8221; button_one_bg_color__hover_enabled=&#8221;off&#8221; button_two_bg_color__hover_enabled=&#8221;off&#8221; sticky_enabled=&#8221;0&#8243;][et_pb_slide heading=&#8221;PUBLICATIONS&#8221; use_bg_overlay=&#8221;off&#8221; use_text_overlay=&#8221;off&#8221; _builder_version=&#8221;4.17.4&#8243; header_level=&#8221;h1&#8243; header_font=&#8221;|700|||||||&#8221; header_font_size=&#8221;30px&#8221; body_font=&#8221;||||&#8221; body_font_size=&#8221;14&#8243; background_color=&#8221;#ffffff&#8221; background_image=&#8221;https:\/\/inteo.umh.es\/files\/2024\/06\/Publicaciones-cabecera-04.jpg&#8221; background_enable_image=&#8221;on&#8221; button_icon_placement=&#8221;right&#8221; button_on_hover=&#8221;on&#8221; hover_enabled=&#8221;0&#8243; body_font_size_tablet=&#8221;14&#8243; body_font_size_phone=&#8221;14&#8243; custom_css_main_element=&#8221;height:300px;&#8221; header_text_shadow_style=&#8221;preset5&#8243; global_colors_info=&#8221;{}&#8221; button_text_size__hover_enabled=&#8221;off&#8221; button_one_text_size__hover_enabled=&#8221;off&#8221; button_two_text_size__hover_enabled=&#8221;off&#8221; button_text_color__hover_enabled=&#8221;off&#8221; button_one_text_color__hover_enabled=&#8221;off&#8221; button_two_text_color__hover_enabled=&#8221;off&#8221; button_border_width__hover_enabled=&#8221;off&#8221; button_one_border_width__hover_enabled=&#8221;off&#8221; button_two_border_width__hover_enabled=&#8221;off&#8221; button_border_color__hover_enabled=&#8221;off&#8221; button_one_border_color__hover_enabled=&#8221;off&#8221; button_two_border_color__hover_enabled=&#8221;off&#8221; button_border_radius__hover_enabled=&#8221;off&#8221; button_one_border_radius__hover_enabled=&#8221;off&#8221; button_two_border_radius__hover_enabled=&#8221;off&#8221; button_letter_spacing__hover_enabled=&#8221;off&#8221; button_one_letter_spacing__hover_enabled=&#8221;off&#8221; button_two_letter_spacing__hover_enabled=&#8221;off&#8221; button_bg_color__hover_enabled=&#8221;off&#8221; button_one_bg_color__hover_enabled=&#8221;off&#8221; button_two_bg_color__hover_enabled=&#8221;off&#8221; sticky_transition=&#8221;on&#8221; sticky_enabled=&#8221;0&#8243;][\/et_pb_slide][et_pb_slide heading=&#8221;PUBLICATIONS&#8221; use_bg_overlay=&#8221;off&#8221; use_text_overlay=&#8221;off&#8221; _builder_version=&#8221;4.17.4&#8243; header_level=&#8221;h1&#8243; header_font=&#8221;|700|||||||&#8221; header_font_size=&#8221;30px&#8221; body_font=&#8221;||||&#8221; body_font_size=&#8221;14&#8243; background_color=&#8221;#ffffff&#8221; background_image=&#8221;https:\/\/inteo.umh.es\/files\/2024\/06\/Publicaciones-cabecera-03.jpg&#8221; background_enable_image=&#8221;on&#8221; button_icon_placement=&#8221;right&#8221; button_on_hover=&#8221;on&#8221; hover_enabled=&#8221;0&#8243; body_font_size_tablet=&#8221;14&#8243; body_font_size_phone=&#8221;14&#8243; custom_css_main_element=&#8221;height:300px;&#8221; header_text_shadow_style=&#8221;preset5&#8243; global_colors_info=&#8221;{}&#8221; button_text_size__hover_enabled=&#8221;off&#8221; button_one_text_size__hover_enabled=&#8221;off&#8221; button_two_text_size__hover_enabled=&#8221;off&#8221; button_text_color__hover_enabled=&#8221;off&#8221; button_one_text_color__hover_enabled=&#8221;off&#8221; button_two_text_color__hover_enabled=&#8221;off&#8221; button_border_width__hover_enabled=&#8221;off&#8221; button_one_border_width__hover_enabled=&#8221;off&#8221; button_two_border_width__hover_enabled=&#8221;off&#8221; button_border_color__hover_enabled=&#8221;off&#8221; button_one_border_color__hover_enabled=&#8221;off&#8221; button_two_border_color__hover_enabled=&#8221;off&#8221; button_border_radius__hover_enabled=&#8221;off&#8221; button_one_border_radius__hover_enabled=&#8221;off&#8221; button_two_border_radius__hover_enabled=&#8221;off&#8221; button_letter_spacing__hover_enabled=&#8221;off&#8221; button_one_letter_spacing__hover_enabled=&#8221;off&#8221; button_two_letter_spacing__hover_enabled=&#8221;off&#8221; button_bg_color__hover_enabled=&#8221;off&#8221; button_one_bg_color__hover_enabled=&#8221;off&#8221; button_two_bg_color__hover_enabled=&#8221;off&#8221; sticky_transition=&#8221;on&#8221; sticky_enabled=&#8221;0&#8243;][\/et_pb_slide][et_pb_slide heading=&#8221;PUBLICATIONS&#8221; use_bg_overlay=&#8221;off&#8221; use_text_overlay=&#8221;off&#8221; _builder_version=&#8221;4.17.4&#8243; header_level=&#8221;h1&#8243; header_font=&#8221;|700|||||||&#8221; header_font_size=&#8221;30px&#8221; body_font=&#8221;||||&#8221; body_font_size=&#8221;14&#8243; background_color=&#8221;#ffffff&#8221; background_image=&#8221;https:\/\/inteo.umh.es\/files\/2024\/06\/Publicaciones-cabecera-01.jpg&#8221; background_enable_image=&#8221;on&#8221; button_icon_placement=&#8221;right&#8221; button_on_hover=&#8221;on&#8221; hover_enabled=&#8221;0&#8243; body_font_size_tablet=&#8221;14&#8243; body_font_size_phone=&#8221;14&#8243; custom_css_main_element=&#8221;height:300px;&#8221; header_text_shadow_style=&#8221;preset5&#8243; global_colors_info=&#8221;{}&#8221; button_text_size__hover_enabled=&#8221;off&#8221; button_one_text_size__hover_enabled=&#8221;off&#8221; button_two_text_size__hover_enabled=&#8221;off&#8221; button_text_color__hover_enabled=&#8221;off&#8221; button_one_text_color__hover_enabled=&#8221;off&#8221; button_two_text_color__hover_enabled=&#8221;off&#8221; button_border_width__hover_enabled=&#8221;off&#8221; button_one_border_width__hover_enabled=&#8221;off&#8221; button_two_border_width__hover_enabled=&#8221;off&#8221; button_border_color__hover_enabled=&#8221;off&#8221; button_one_border_color__hover_enabled=&#8221;off&#8221; button_two_border_color__hover_enabled=&#8221;off&#8221; button_border_radius__hover_enabled=&#8221;off&#8221; button_one_border_radius__hover_enabled=&#8221;off&#8221; button_two_border_radius__hover_enabled=&#8221;off&#8221; button_letter_spacing__hover_enabled=&#8221;off&#8221; button_one_letter_spacing__hover_enabled=&#8221;off&#8221; button_two_letter_spacing__hover_enabled=&#8221;off&#8221; button_bg_color__hover_enabled=&#8221;off&#8221; button_one_bg_color__hover_enabled=&#8221;off&#8221; button_two_bg_color__hover_enabled=&#8221;off&#8221; sticky_transition=&#8221;on&#8221; sticky_enabled=&#8221;0&#8243;][\/et_pb_slide][\/et_pb_fullwidth_slider][\/et_pb_section][et_pb_section fb_built=&#8221;1&#8243; disabled_on=&#8221;off|off|off&#8221; admin_label=&#8221;Secci\u00f3n&#8221; _builder_version=&#8221;4.16&#8243; global_colors_info=&#8221;{}&#8221;][et_pb_row admin_label=&#8221;Fila&#8221; _builder_version=&#8221;4.16&#8243; background_size=&#8221;initial&#8221; background_position=&#8221;top_left&#8221; background_repeat=&#8221;repeat&#8221; global_colors_info=&#8221;{}&#8221;][et_pb_column type=&#8221;4_4&#8243; _builder_version=&#8221;4.16&#8243; custom_padding=&#8221;|||&#8221; global_colors_info=&#8221;{}&#8221; custom_padding__hover=&#8221;|||&#8221;][et_pb_tabs _builder_version=&#8221;4.17.4&#8243; _module_preset=&#8221;default&#8221; hover_enabled=&#8221;0&#8243; global_colors_info=&#8221;{}&#8221; sticky_enabled=&#8221;0&#8243;][et_pb_tab title=&#8221;Occupational Therapy Publications&#8221; _builder_version=&#8221;4.17.4&#8243; _module_preset=&#8221;default&#8221; global_colors_info=&#8221;{}&#8221;]<\/p>\n<h6><b>2026<\/b><\/h6>\n<hr>\n<ul>\n<li>Mu\u00f1oz-S\u00e1nchez R, Hurtado-Pomares M, Ju\u00e1rez-Leal I, Jorquera-Cabrera S, Pi\u00f1ero J, Navarrete-Mu\u00f1oz EM, Valera-Gran D. <span lang=\"EN-GB\"><a href=\"https:\/\/pubmed.ncbi.nlm.nih.gov\/41358932\/\" target=\"_blank\" rel=\"noopener\" data-saferedirecturl=\"https:\/\/www.google.com\/url?q=https:\/\/pubmed.ncbi.nlm.nih.gov\/41358932\/&amp;source=gmail&amp;ust=1765626523406000&amp;usg=AOvVaw1l0mdP9lLEK6By5PMYWJ46\">Sensory Reactivity Among School-Age Children and Parental Stress: Findings From the Population-Based InProS Study<\/a>. Am J Occup Ther. 2026;80(1):8001185050. doi: 10.5014\/ajot.2025.051224.   <\/span><\/li>\n<\/ul>\n<h6><b>2025<\/b><\/h6>\n<hr>\n<ul>\n<li>Valera-Gran D, Hurtado-Pomares M, Ju\u00e1rez-Leal I, Mu\u00f1oz-S\u00e1nchez R, Campos-S\u00e1nchez I, Noce P, Pi\u00f1ero J, Navarrete-Mu\u00f1oz EM. <span lang=\"EN-GB\"><a href=\"https:\/\/pubmed.ncbi.nlm.nih.gov\/41325309\/\" target=\"_blank\" rel=\"noopener\" data-saferedirecturl=\"https:\/\/www.google.com\/url?q=https:\/\/pubmed.ncbi.nlm.nih.gov\/41325309\/&amp;source=gmail&amp;ust=1765626523406000&amp;usg=AOvVaw2Zct81NzxNwakORvQGwQbv\">The EQo-Mental project: A protocol for a mixed-methods study on occupational balance and mental health in parents of children with developmental delays<\/a>. PLoS One. 2025;20(12):e0337542. doi: 10.1371\/journal.pone.0337542.   <\/span><\/li>\n<li>\n<p role=\"presentation\">Peral-G\u00f3mez P, Belda-Mart\u00ed A, Prieto-Botella D, Navarrete-Mu\u00f1oz EM, Hurtado-Pomares M. <a href=\"https:\/\/www.cadernosdeterapiaocupacional.ufscar.br\/index.php\/cadernos\/article\/view\/3936\" target=\"_blank\" rel=\"noopener\" data-saferedirecturl=\"https:\/\/www.google.com\/url?q=https:\/\/www.cadernosdeterapiaocupacional.ufscar.br\/index.php\/cadernos\/article\/view\/3936&amp;source=gmail&amp;ust=1765401641654000&amp;usg=AOvVaw3B9NLFHAH9bq8k6mBZCpGE\">Traducci\u00f3n y adaptaci\u00f3n transcultural al espa\u00f1ol del cuestionario de Equilibrio Ocupacional de los Cuidadores Informales para su uso en padres\/madres cuidadores\/as.<\/a> Cad Bras Ter Ocup. 2025;33:e3936. doi:10.1590\/2526-8910.ctoAO403339363  <\/p>\n<\/li>\n<li>\n<p role=\"presentation\">Casa\u00f1a-Escriche E, S\u00e1nchez-Cabeza \u00c1, Huertas-Hoyas E, Valera-Gran D, Navarrete Mu\u00f1oz E.M. <a href=\"https:\/\/doi.org\/10.3390\/healthcare13161969\" target=\"_blank\" rel=\"noopener\" data-saferedirecturl=\"https:\/\/www.google.com\/url?q=https:\/\/doi.org\/10.3390\/healthcare13161969&amp;source=gmail&amp;ust=1765401641654000&amp;usg=AOvVaw3lzvVPLBzOcFbWLCLOc0Gb\">Spanish Translation and Cultural Adaptation of the Wolf Motor Function Test for Survivors of Acquired Brain Injury. <\/a>Healthcare 2025, 13, 1969.<\/p>\n<\/li>\n<\/ul>\n<h6><b>2024<\/b><\/h6>\n<hr>\n<ul>\n<li> <span id=\"m_7118032323076742511m_7615169059072171590gmail-docs-internal-guid-e6d4c2c7-7fff-caab-a3c8-a000045cb3ce\">Rodr\u00edguez-Ruiz, E., &amp; Serrano-Reina, E. (2024). <\/span><a href=\"https:\/\/www.revistatog.es\/ojs\/index.php\/tog\/article\/view\/269\/227\" target=\"_blank\" rel=\"noopener\" data-saferedirecturl=\"https:\/\/www.google.com\/url?q=https:\/\/www.revistatog.es\/ojs\/index.php\/tog\/article\/view\/269\/227&amp;source=gmail&amp;ust=1765401641654000&amp;usg=AOvVaw2Z6irelc3bXKZmQt_eKjK0\">Dictamen pericial y terapia ocupacional. <\/a>TOG (A Coru\u00f1a), 21(2), 1\u20136. <a href=\"https:\/\/doi.org\/10.5281\/zenodo.14284595\" target=\"_blank\" rel=\"noopener\" data-saferedirecturl=\"https:\/\/www.google.com\/url?q=https:\/\/doi.org\/10.5281\/zenodo.14284595&amp;source=gmail&amp;ust=1765401641654000&amp;usg=AOvVaw3wXqINSn79IMyiT8ABYMWa\">https:\/\/doi.org\/10.5281\/zenodo.14284595<\/a><\/li>\n<li>Valera-Gran D, Delgado-Lobete L, Montes-Montes R, Navarrete-Mu\u00f1oz EM. <a href=\"https:\/\/pubmed.ncbi.nlm.nih.gov\/39453692\/\" target=\"_blank\" rel=\"noopener\">Research on the Cognitive Orientation to daily Occupational Performance Approach: A Bibliometric Review.<\/a> Am J Occup Ther. 2024;78(6):7806205100. doi: 10.5014\/ajot.2024.050802.  <\/li>\n<li>Fern\u00e1ndez-Pires P; Valera-Gran D; Hurtado-Pomares M; Espinosa-Sempere C; S\u00e1nchez-P\u00e9rez A; Ju\u00e1rez-Leal I; Mu\u00f1oz S\u00e1nchez R; Le\u00f3n-Garc\u00eda AS; Peral-G\u00f3mez P; Navarrete-Mu\u00f1oz EM. <a href=\"https:\/\/www.pedneur.com\/article\/S0887-8994(24)00357-6\/abstract\">Association between television viewing and sensory reactivity in childhood: the cross-sectional InProS study.<\/a> Pediatric Neurology. 2024. https:\/\/doi.org\/10.1016\/j.pediatrneurol.2024.10.001<\/li>\n<li>Noce MP, Valera-Gran D, Hurtado-Pomares M, Serrano-Reina E, Soler-Pons C, Navarrete-Mu\u00f1oz EM<a href=\"https:\/\/pubmed.ncbi.nlm.nih.gov\/39316706\/\">. Spanish translation and cross-cultural adaptation of the Box and Block Test: a pilot study in adults with chronic acquired brain injury<\/a>. Brain Impair. 2024;25:IB24014. doi: 10.1071\/IB24014.   PMID: 39316706.<\/li>\n<li>Mu\u00f1oz-S\u00e1nchez R, Hurtado-Pomares M, Ju\u00e1rez-Leal I, Pi\u00f1ero J, Navarrete-Mu\u00f1oz EM, Valera-Gran D. <a href=\"https:\/\/www.mdpi.com\/2227-9067\/11\/7\/855\">Exploring the Association between Parental Employment Status, Education Level, and Sensory Reactivity in Spanish Children Aged 3-7 Years: Findings from the InProS Study<\/a>. Children (Basel). 2024;11(7):855. doi: 10.3390\/children11070855. PMID: 39062304; PMCID: PMC11275636.    <\/li>\n<li><span style=\"font-weight: 400\">S\u00e1nchez-P\u00e9rez A, Quesada-Rico MP, Mendialdua-Canales D, Hurtado-Pomares M, Navarrete-Mu\u00f1oz EM, Valera-Gran D, Peral-G\u00f3mez P, Benavides Gil G, Garc\u00eda Mill\u00e1n P, Gonz\u00e1lez-Caballero G, Chaves-V\u00e9lez C, Goldin P. <\/span><a href=\"https:\/\/link.springer.com\/article\/10.1007\/s12671-024-02374-x\"><span style=\"font-weight: 400\">Effect of an 8-Week Mindfulness Meditation Training Program on Psychological Distress in Caregivers and on Behavioral and Psychological Symptoms in People with Alzheimer\u2019s Disease: A Randomized Controlled Trial. Mindfulness <\/span><\/a><span style=\"font-weight: 400\">. 2024. 15 (6): 1289-1304. doi:<\/span> <span style=\"font-weight: 400\">10.1007\/s12671-024-02374-x<\/span><\/li>\n<li><span style=\"font-weight: 400\">Moreno-Morente G, Hurtado-Pomares M, S\u00e1nchez-P\u00e9rez A, Terol-Cantero MC. Translation,  <\/span><a href=\"https:\/\/pubmed.ncbi.nlm.nih.gov\/38470661\/\"><span style=\"font-weight: 400\">Cross-Cultural Adaptation, and Feasibility of the NHPT-E of Manual Dexterity for the Spanish Population<\/span><\/a><span style=\"font-weight: 400\">. Healthcare (Basel). 2024;12(5):550. doi: 10.3390\/healthcare12050550.  <\/span><\/li>\n<li><span style=\"font-weight: 400\">Navarrete\u2010Mu\u00f1oz EM, Valera\u2010Gran D.; Garcia\u2010Campos, J, Lozano\u2010Quijada C, Hern\u00e1ndez\u2010S\u00e1nchez, S. <\/span><a href=\"https:\/\/doi.org\/10.3390\/ejihpe14040060\"><span style=\"font-weight: 400\">Enhancing Evidence\u2010Based Practice Competence and Professional Skills Using Infographics as a Pedagogical Strategy in Health Science Students: Insights from the InfoHealth Project<\/span><\/a><span style=\"font-weight: 400\">. Eur. J. Investig. Health Psychol. Educ. 2024, 14, 929\u2013940.     <\/span><a href=\"https:\/\/doi.org\/10.3390\/ejihpe14040060\"><span style=\"font-weight: 400\">https:\/\/doi.org\/10.3390\/ejihpe14040060<\/span><\/a><\/li>\n<li><span style=\"font-weight: 400\">Valera-Gran D, Campos-S\u00e1nchez I, Prieto-Botella D, Fern\u00e1ndez-Pires P, Hurtado-Pomares M, Ju\u00e1rez-Leal I, Peral-G\u00f3mez P, Navarrete-Mu\u00f1oz EM. <\/span><a href=\"https:\/\/pubmed.ncbi.nlm.nih.gov\/38447524\/\"><span style=\"font-weight: 400\">Enhancing evidence-based practice into healthcare: Exploring the role of scientific skills in occupational therapists.<\/span><\/a><span style=\"font-weight: 400\"> Scand J Occup Ther. 2024;31(1):2323205. doi: 10.1080\/11038128.2024.2323205.  <\/span><\/li>\n<li><span style=\"font-weight: 400\">Campos-S\u00e1nchez I, Mu\u00f1oz-S\u00e1nchez R, Navarrete-Mu\u00f1oz EM, Molina-I\u00f1igo S, Hurtado-Pomares M, Fern\u00e1ndez-Pires P, S\u00e1nchez-P\u00e9rez A, Prieto-Botella D, Ju\u00e1rez-Leal I, Peral-G\u00f3mez P, Espinosa-Sempere C, Valera-Gran D. <\/span><a href=\"https:\/\/www-sciencedirect-com.publicaciones.umh.es\/science\/article\/pii\/S0195666323025709\"><span style=\"font-weight: 400\">Association between sensory reactivity and feeding problems in school-aged children: InProS Study<\/span><\/a><span style=\"font-weight: 400\">. Appetite. 2024, 19: 107108.<\/span> <a href=\"https:\/\/doi-org.publicaciones.umh.es\/10.1016\/j.appet.2023.107108\"><span style=\"font-weight: 400\"> doi: 10.1016\/j.appet.2023.107108<\/span><\/a><span style=\"font-weight: 400\">.<\/span><\/li>\n<\/ul>\n<h6><b>2022<\/b><\/h6>\n<hr>\n<ul>\n<li style=\"font-weight: 400\"><span style=\"font-weight: 400\">Valera-Gran D, Prieto-Botella D, Hurtado-Pomares M, Hern\u00e1ndez-S\u00e1nchez S, Garcia-de-la-Hera M, Navarrete-Mu\u00f1oz EM, P\u00e9rez-Vazquez MT. <\/span><a href=\"https:\/\/pubmed.ncbi.nlm.nih.gov\/34041965\/\"><span style=\"font-weight: 400\">Desarrollo de un proceso participativo para el diagn\u00f3stico de salud comunitaria en estudiantes de la Universidad Miguel Hern\u00e1ndez: Proyecto #beUMHealthy<\/span><\/a><span style=\"font-weight: 400\">. Glob Health Promot. 2022;29(2):136-140. doi: 10.1177\/17579759211015912.  <\/span><\/li>\n<li style=\"font-weight: 400\"><span style=\"font-weight: 400\">Peral-G\u00f3mez P, Espinosa-Sempere C, Navarrete-Mu\u00f1oz EM, Hurtado-Pomares M, Ju\u00e1rez-Leal I, Valera-Gran D, S\u00e1nchez-P\u00e9rez A. <\/span><a href=\"https:\/\/pubmed.ncbi.nlm.nih.gov\/36368922\/\"><span style=\"font-weight: 400\">The Spanish version of Occupational Balance Questionnaire: psychometric properties and normative data in a representative sample of adults<\/span><\/a><span style=\"font-weight: 400\">. Ann Med. 2022;54(1):3211-3218.  <\/span><a href=\"https:\/\/www.tandfonline.com\/doi\/full\/10.1080\/07853890.2022.2145016\"><span style=\"font-weight: 400\">doi:10.1080\/07853890.2022.2145016<\/span><\/a><\/li>\n<li style=\"font-weight: 400\"><span style=\"font-weight: 400\">Hurtado-Pomares M, Ju\u00e1rez-Leal I, Company-Devesa V, S\u00e1nchez-P\u00e9rez A, Peral-G\u00f3mez P, Espinosa-Sempere C, Valera-Gran D, Navarrete-Mu\u00f1oz EM. <\/span><a href=\"https:\/\/www.elsevier.es\/en-revista-neurologia-english-edition--495-avance-resumen-psychometric-properties-spanish-version-frontal-S2173580822001134\"><span style=\"font-weight: 400\">Psychometric properties of the Spanish version of the Frontal Assessment Battery (FAB-E) and normative values in a representative adult population sample.<\/span><\/a><span style=\"font-weight: 400\"> Neurolog\u00eda. 2022. doi:<\/span><a href=\"https:\/\/www.elsevier.es\/en-revista-neurologia-english-edition--495-avance-resumen-psychometric-properties-spanish-version-frontal-S2173580822001134\"><span style=\"font-weight: 400\">10.1016\/j.nrleng.2022.09.004<\/span><\/a><\/li>\n<li style=\"font-weight: 400\"><span style=\"font-weight: 400\">Moreno-Morente G, Hurtado-Pomares M, Terol Cantero MC. <\/span><a href=\"https:\/\/pubmed.ncbi.nlm.nih.gov\/36011713\/\"><span style=\"font-weight: 400\">Bibliometric Analysis of Research on the Use of the Nine Hole Peg Test<\/span><\/a><span style=\"font-weight: 400\">. Int J Environ Res Public Health. 2022;19(16):10080. doi: 10.3390\/ijerph191610080.  <\/span><\/li>\n<li style=\"font-weight: 400\"><span style=\"font-weight: 400\">Prieto-Botella D, S\u00e1nchez-P\u00e9rez A, S\u00e1nchez-Moreno S, Hurtado-Pomares M, Peral-G\u00f3mez P, Espinosa-Sempere C, Ju\u00e1rez-Leal I, Fern\u00e1ndez-Pires P, Valera-Gran D, Navarrete-Mu\u00f1oz E. <\/span><a href=\"https:\/\/pubmed.ncbi.nlm.nih.gov\/36292349\/\"><span style=\"font-weight: 400\">Identification and Use of Assessment Tools in Spanish Occupational Therapists: An Exploratory Study<\/span><\/a><span style=\"font-weight: 400\">. Healthcare (Basel). 2022;10(10):1902.  <\/span><a href=\"https:\/\/www.mdpi.com\/2227-9032\/10\/10\/1902\"><span style=\"font-weight: 400\">doi: 10.3390\/healthcare10101902<\/span><\/a><\/li>\n<li style=\"font-weight: 400\"><span style=\"font-weight: 400\">Fern\u00e1ndez-Pires P, Prieto-Botella D, Valera-Gran D, Hurtado-Pomares M, Espinosa-Sempere C, S\u00e1nchez-P\u00e9rez A, Ju\u00e1rez-Leal I, Peral-G\u00f3mez P, Moreno-Campos L, Navarrete-Mu\u00f1oz EM. <\/span><a href=\"https:\/\/pubmed.ncbi.nlm.nih.gov\/35772069\/\"><span style=\"font-weight: 400\">Reporting Quality in Abstracts of Randomized Controlled Trials Published in High-Impact Occupational Therapy Journals<\/span><\/a><span style=\"font-weight: 400\">.<\/span><span style=\"font-weight: 400\"> <\/span><i><span style=\"font-weight: 400\">Am J Occup Ther<\/span><\/i><span style=\"font-weight: 400\">. 2022;76(4):7604205120. doi:10.5014\/ajot.2022.042333 <\/span><\/li>\n<li style=\"font-weight: 400\"><span style=\"font-weight: 400\">S\u00e1nchez-P\u00e9rez A, Mendialdua-Canales D, Hurtado-Pomares M, Peral-G\u00f3mez P, Ju\u00e1rez-Leal I, Espinosa-Sempere C, Fern\u00e1ndez-Pires P, Zango-Mart\u00edn I, Abell\u00e1n-Miralles I, L\u00f3pez-Gonz\u00e1lez P, Valera-Gran D, Navarrete-Mu\u00f1oz EM. <\/span><a href=\"https:\/\/www.mdpi.com\/2227-9032\/10\/3\/542\"><span style=\"font-weight: 400\">The ATENci\u00f3n Plena en Enfermedad de Alzheimer (ATENEA-Mindfulness in Alzheimer\u2019s Disease) Program for Caregivers: Study Protocol for a Randomized Controlled Trial<\/span><\/a><span style=\"font-weight: 400\">. Healthcare (Basel).;10(3):542 doi: 10.3390\/healthcare10030542.<\/span><\/li>\n<\/ul>\n<h6><b>2021<\/b><\/h6>\n<hr>\n<ul>\n<li style=\"font-weight: 400\"><span style=\"font-weight: 400\">Cuesta-Garc\u00eda C; Sim\u00f3n-Vicente L; Cape\u00f1a-Ni\u00f1oz MG; Navarrete-Mu\u00f1oz EM. <\/span><a href=\"https:\/\/publicaciones.lasallecampus.es\/index.php\/MOVE\/article\/view\/467\"><span style=\"font-weight: 400\">Evaluaci\u00f3n de la funcionalidad del miembro superior en personas adultas con da\u00f1o cerebral adquirido realizado por los\/as profesionales de la terapia ocupacional en Espa\u00f1a, estudio transversal<\/span><\/a><span style=\"font-weight: 400\">. Journal of Move &amp; Therapeutic Science. 2021; 3(1):m25  <\/span><a href=\"https:\/\/doi.org\/10.37382\/jomts.v3i1.467\"><span style=\"font-weight: 400\">https:\/\/doi.org\/10.37382\/jomts.v3i1.467<\/span><\/a><span style=\"font-weight: 400\"> <\/span><\/li>\n<li style=\"font-weight: 400\"><span style=\"font-weight: 400\">Hernandez-Sanchez S, Moreno-Perez V, Garcia-Campos J, Marco-Lled\u00f3 J, Navarrete-Mu\u00f1oz EM, Lozano-Quijada C. <\/span><a href=\"https:\/\/pubmed.ncbi.nlm.nih.gov\/33342338\/\"><span style=\"font-weight: 400\">Twelve tips to make successful medical infographics.<\/span><\/a><span style=\"font-weight: 400\"> Med Teach. 2021;43(12):1353-1359. doi: 10.1080\/0142159X.2020.1855323.   <\/span><\/li>\n<li style=\"font-weight: 400\"><span style=\"font-weight: 400\">Peral-G\u00f3mez P, L\u00f3pez-Roig S, Pastor-Mira M\u00c1, Abad-Navarro E, Valera-Gran D, H\u00e5kansson C, Wagman P. <\/span><a href=\"https:\/\/pubmed.ncbi.nlm.nih.gov\/34299957\/\"><span style=\"font-weight: 400\">Cultural Adaptation and Psychometric Properties of the Spanish Version of the Occupational Balance Questionnaire: An Instrument for Occupation-Based Research<\/span><\/a><span style=\"font-weight: 400\">. Int J Environ Res Public Health. 2021;18(14):7506. doi: 10.3390\/ijerph18147506  <\/span><\/li>\n<li style=\"font-weight: 400\"><span style=\"font-weight: 400\">Fern\u00e1ndez-Pires P, Valera-Gran D, Hurtado-Pomares M, Espinosa-Sempere C, S\u00e1nchez-P\u00e9rez A, Ju\u00e1rez-Leal I, Ruiz-Carbonell MP, Peral-G\u00f3mez P, Campos-S\u00e1nchez I, P\u00e9rez-V\u00e1zquez MT, Navarrete-Mu\u00f1oz EM. <\/span><a href=\"https:\/\/www.frontiersin.org\/articles\/10.3389\/fped.2021.646011\/full\"><span style=\"font-weight: 400\">Sleep Duration and Quality and Sensory Reactivity in School-Aged Children: The Spanish Cross-Sectional InProS Study<\/span><\/a><span style=\"font-weight: 400\">. Front. Pediatr. 2021;9:646011. doi: 10.3389\/fped.2021.646011   <\/span><\/li>\n<li style=\"font-weight: 400\"><span style=\"font-weight: 400\">Prieto-Botella D, Fern\u00e1ndez-Pires P, Valera-Gran D, Hurtado-Pomares M, Espinosa-Sempere C, S\u00e1nchez-P\u00e9rez A, Ju\u00e1rez-Leal I, Peral-G\u00f3mez P, Navarrete-Mu\u00f1oz EM. <\/span><a href=\"https:\/\/pubmed.ncbi.nlm.nih.gov\/33530629\/\"><span style=\"font-weight: 400\">Screening for Scientific Skills in Spanish-Speaking Occupational Therapists (HACTO-Screen): Study Protocol of a Cross-Sectional Survey<\/span><\/a><span style=\"font-weight: 400\">. Healthcare (Basel). 2021;9(2):124. doi: 10.3390\/healthcare9020124.  <\/span><\/li>\n<li style=\"font-weight: 400\"><span style=\"font-weight: 400\">Hurtado-Pomares M. Valera-Gran D, S\u00e1nchez-P\u00e9rez A, Peral-G\u00f3mez P, Navarrete-Mu\u00f1oz EM, Terol-Cantero MC. <\/span><a href=\"https:\/\/www.elsevier.es\/es-revista-medicina-clinica-2-avance-resumen-adaptation-spanish-version-frontal-assessment-S0025775320303195\"><span style=\"font-weight: 400\">Adaptation of the Spanish version of the Frontal Assessment Battery for detection of executive dysfunction. <\/span><\/a><span style=\"font-weight: 400\"> <\/span><span style=\"font-weight: 400\">2021;156(5):229-232. doi: 10.1016\/j.medcli.2020.04.028  <\/span><\/li>\n<\/ul>\n<h6><b>2020<\/b><\/h6>\n<hr>\n<ul>\n<li style=\"font-weight: 400\"><span style=\"font-weight: 400\">Prieto-Botella D, Valera-Gran D, Navarrete-Mu\u00f1oz EM. <\/span><a href=\"https:\/\/pubmed.ncbi.nlm.nih.gov\/31879053\/\"><span style=\"font-weight: 400\">Contribuci\u00f3n a la pr\u00e1ctica de ciencia abierta: el uso de software libre en Gaceta Sanitaria<\/span><\/a><span style=\"font-weight: 400\">. Gac Sanit. 2020;34(2):213-214. doi: 10.1016\/j.gaceta.2019.11.004  <\/span><\/li>\n<li style=\"font-weight: 400\"><span style=\"font-weight: 400\">Peral-G\u00f3mez P, Valera-Gran D, Obreg\u00f3n-Carabal\u00ed L, Espinosa-Sempere C, Ju\u00e1rez-Leal I and S\u00e1nchez-P\u00e9rez A. <\/span><a href=\"https:\/\/www.revistatog.es\/ojs\/index.php\/tog\/article\/view\/82\/63\"><span style=\"font-weight: 400\">Use of virtual reality in occupational therapy: a cross-sectional study in neuro-rehabilitation centers in Alicante.<\/span><\/a><span style=\"font-weight: 400\"> TOG (A Coru\u00f1a) Vol 17. Num 2. Nov. 2020.   122-130. doi: S1885-527X2020000200004<\/span><\/li>\n<li style=\"font-weight: 400\"><span style=\"font-weight: 400\">Vida\u00f1a-Moya L, Eklund M, Merch\u00e1n-Baeza JA, Peral-G\u00f3mez P, Zango-Mart\u00edn I, Hultqvist J. <\/span><a href=\"https:\/\/pubmed.ncbi.nlm.nih.gov\/33266259\/\"><span style=\"font-weight: 400\">Cross-Cultural Adaptation, Validation and Reliability of the Spanish Satisfaction with Daily Occupations-Occupational Balance (SDO-OB): An Evaluation Tool for People with Mental Disorders<\/span><\/a><span style=\"font-weight: 400\">. Int J Environ Res Public Health. 2020;17(23):8906. <\/span> <span style=\"font-weight: 400\">doi: 10.3390\/ijerph17238906<\/span><\/li>\n<li style=\"font-weight: 400\"><span style=\"font-weight: 400\">Navarrete-Mu\u00f1oz EM, Fern\u00e1ndez-Pires P; Mubarak-Garcia C; Espinosa-Sempere C; Peral-G\u00f3mez P; Ju\u00e1rez-Leal I; S\u00e1nchez-P\u00e9rez A; P\u00e9rez-Vazquez MT; Hurtado-Pomares M; Valera-Gran D. <\/span><a href=\"https:\/\/www.mdpi.com\/2072-6643\/12\/12\/3684\"><span style=\"font-weight: 400\">Association between Body Mass Index and Sensory Processing in Childhood: InProS Study. <\/span><\/a> <span style=\"font-weight: 400\">Nutrients 2020, 12(12), 3684. doi: 10.3390\/nu12123684 <\/span><\/li>\n<li style=\"font-weight: 400\"><span style=\"font-weight: 400\">Garc\u00eda-Manzanares MD, S\u00e1nchez-P\u00e9rez A, Alfaro-S\u00e1ez A, Limi\u00f1ana-Gras RM, Sunyer-Catll\u00e0 M, L\u00f3pez-Roig S. <\/span><a href=\"https:\/\/pubmed.ncbi.nlm.nih.gov\/31980284\/\"><span style=\"font-weight: 400\">Cultural and linguistic adaptation of the Oxford Cognitive Screen to the Spanish population.<\/span><\/a><span style=\"font-weight: 400\"> Neurolog\u00eda. 2020;S0213-4853(19)30147-1.  <\/span><a href=\"https:\/\/pubmed.ncbi.nlm.nih.gov\/31980284\/\"><span style=\"font-weight: 400\">doi: 10.1016\/j.nrl.2019.11.004.<\/span><\/a><\/li>\n<li style=\"font-weight: 400\"><span style=\"font-weight: 400\">Fern\u00e1ndez-Pires P, Valera-Gran D, S\u00e1nchez-P\u00e9rez A, Hurtado-Pomares M, Peral-G\u00f3mez P, Espinosa-Sempere C, Ju\u00e1rez-Leal I, Navarrete-Mu\u00f1oz EM. <\/span><a href=\"https:\/\/www.mdpi.com\/1660-4601\/17\/4\/1447\"><span style=\"font-weight: 400\">The Infancia Y Procesamiento Sensorial (InProS-Childhood and Sensory Processing) Project: Study Protocol for a Cross-Sectional Analysis of Parental and Children\u2019s Sociodemographic and Lifestyle Features and Children\u2019s Sensory Processing<\/span><\/a><span style=\"font-weight: 400\">. Int J Environ Res Public Health. 2020;17(4):1447. doi: 10.3390\/ijerph17041447.  <\/span><\/li>\n<\/ul>\n<h6><b>2019<\/b><\/h6>\n<hr>\n<ul>\n<li style=\"font-weight: 400\"><span style=\"font-weight: 400\">Navarrete-Mu\u00f1oz EM, Fern\u00e1ndez-Pires P, Navarro-Amat S, Hurtado-Pomares M, Peral-G\u00f3mez P, Ju\u00e1rez-Leal I, Espinosa-Sempere C, S\u00e1nchez-P\u00e9rez A, Valera-Gran D. <\/span><a href=\"https:\/\/www.ncbi.nlm.nih.gov\/pubmed\/31052555\"><span style=\"font-weight: 400\">Association between Adherence to the Antioxidant-Rich Mediterranean Diet and<\/span><\/a> <a href=\"https:\/\/www.ncbi.nlm.nih.gov\/pubmed\/31052555\"><span style=\"font-weight: 400\">Sensory Processing Profile in School-Aged Children: The Spanish Cross-Sectional InProS Project.<\/span><\/a><span style=\"font-weight: 400\"> Nutrients. 2019;11(5) <\/span> <span style=\"font-weight: 400\">:1007.doi: 10.3390\/nu1105100<\/span><\/li>\n<li style=\"font-weight: 400\"><span style=\"font-weight: 400\">Valera-Gran D, L\u00f3pez-Roig S, Hurtado-Pomares M, Peral-G\u00f3mez P, Garc\u00eda-Manzanares M, Sunyer-Catlla M, M\u00e1s-Ses\u00e9 G, Navarrete-Mu\u00f1oz EM, S\u00e1nchez-P\u00e9rez A. <\/span><a href=\"https:\/\/www.ncbi.nlm.nih.gov\/pubmed\/30563369\"><span style=\"font-weight: 400\">Validation of the Spanish version of the Oxford Cognitive Screen (S-OCS):<\/span><\/a> <a href=\"https:\/\/www.ncbi.nlm.nih.gov\/pubmed\/30563369\"><span style=\"font-weight: 400\">psychometric properties of a short cognitive stroke-specific screening tool.<\/span><\/a><span style=\"font-weight: 400\"> Clin Rehabil. 2019;33(4):724-736 <\/span><\/li>\n<\/ul>\n<h6><b>2018<\/b><\/h6>\n<hr>\n<ul>\n<li style=\"font-weight: 400\"><span style=\"font-weight: 400\">Hurtado-Pomares M, Terol-Cantero MC, S\u00e1nchez-P\u00e9rez A, Leiva-Santana C, Peral-G\u00f3mez P, Valera-Gran D, Navarrete-Mu\u00f1oz EM. <\/span><a href=\"https:\/\/www.ncbi.nlm.nih.gov\/pubmed\/30452476\"><span style=\"font-weight: 400\">Measuring executive dysfunction in Parkinson\u2019s disease: Reliability and validity of the Spanish version of Frontal<\/span><\/a> <a href=\"https:\/\/www.ncbi.nlm.nih.gov\/pubmed\/30452476\"><span style=\"font-weight: 400\">Assessment Battery (FAB-E).<\/span><\/a><span style=\"font-weight: 400\"> PLoS One. 2018 19;13(11):e0207698. doi: 10.1371\/journal.pone.0207698.   <\/span><\/li>\n<li style=\"font-weight: 400\"><span style=\"font-weight: 400\">Hurtado-Pomares M, Carmen Terol-Cantero M, S\u00e1nchez-P\u00e9rez A, Peral-G\u00f3mez P, Valera-Gran D, Navarrete-Mu\u00f1oz EM. <\/span><a href=\"https:\/\/www.ncbi.nlm.nih.gov\/pubmed\/28627719\"><span style=\"font-weight: 400\">The frontal assessment battery in clinical practice: a systematic review.<\/span><\/a><span style=\"font-weight: 400\"> Int J Geriatr Psychiatry. 2018;33(2):237-251. <\/span> <span style=\"font-weight: 400\">doi: 10.1002\/gps.4751<\/span><\/li>\n<\/ul>\n<h6><b>2017<\/b><\/h6>\n<hr>\n<ul>\n<li style=\"font-weight: 400\"><span style=\"font-weight: 400\">S\u00e1nchez-P\u00e9rez A, L\u00f3pez-Roig S, Pampliega P\u00e9rez A, Peral-G\u00f3mez P, Pastor M\u00c1, Hurtado-Pomares M. <\/span><a href=\"https:\/\/www.ncbi.nlm.nih.gov\/pubmed\/28527600\"><span style=\"font-weight: 400\">Translation and adaptation of the Disability Assessment for Dementia scale in the Spanish population.<\/span><\/a><span style=\"font-weight: 400\"> Med Clin (Barc). 2017;149(6):248-252. doi: 10.1016\/j.medcli.2017.03.029  <\/span><\/li>\n<\/ul>\n<h6><b>2015<\/b><\/h6>\n<hr>\n<ul>\n<li style=\"font-weight: 400\"><span style=\"font-weight: 400\">S\u00e1nchez-P\u00e9rez A, L\u00f3pez-Roig S, Pampliega-P\u00e9rez A, Peral-G\u00f3mez P, Pastor M\u00c1, Hurtado-Pomares M. <\/span><a href=\"https:\/\/pubmed.ncbi.nlm.nih.gov\/26554794\/\"><span style=\"font-weight: 400\">Validation Study of the Spanish Version of the Disability Assessment for Dementia Scale<\/span><\/a><span style=\"font-weight: 400\">. Medicine (Baltimore). 2015;94(44):e1925. doi: 10.1097\/MD.0000000000001925  <\/span><\/li>\n<\/ul>\n<p>[\/et_pb_tab][et_pb_tab title=&#8221;Publications in other areas&#8221; _builder_version=&#8221;4.17.4&#8243; _module_preset=&#8221;default&#8221; hover_enabled=&#8221;0&#8243; global_colors_info=&#8221;{}&#8221; sticky_enabled=&#8221;0&#8243;]<\/p>\n<h6><b>2025<\/b><\/h6>\n<hr \/>\n<ul>\n<li>Valera-Gran D, Prieto-Botella D, Martens DS, Subiza-P\u00e9rez M, Petermann-Rocha F, Tard\u00f3n A, Llop S, Casas M, Ibarluzea J, Fern\u00e1ndez-Somoano A, Nawrot T, Vioque J, Vrijheid M, Garc\u00eda-Aymerich J, Navarrete-Mu\u00f1oz EM. <a href=\"https:\/\/pubmed.ncbi.nlm.nih.gov\/41152485\/\" target=\"_blank\" rel=\"noopener\" data-saferedirecturl=\"https:\/\/www.google.com\/url?q=https:\/\/pubmed.ncbi.nlm.nih.gov\/41152485\/&amp;source=gmail&amp;ust=1765626523406000&amp;usg=AOvVaw1H6HeMPZogKHrVcHTEvJyt\">Extracurricular physical activity and telomere length in childhood: findings from the INMA study<\/a>. Pediatr Res. 2025. doi: 10.1038\/s41390-025-04445-8.<\/li>\n<li>\n<p dir=\"ltr\" role=\"presentation\">Campos-S\u00e1nchez I, Navarrete-Mu\u00f1oz EM, Martens DS, Ria\u00f1o-Gal\u00e1n I, Lertxundi A, Llop S, Guxens M, Rodr\u00edguez-Dehli C, Lertxundi N, Soler-Blasco R, Vrijheid M, Nawrot TS, Wright J, Yang TC, McEachan R, G\u00fctzkow KB, Chatzi VL, Vafeiadi M, Kampouri M, Grazuleviciene R, Andrusaityte S, Lepeule J, Valera-Gran D. <a href=\"https:\/\/pubmed.ncbi.nlm.nih.gov\/39878307\/\">Telomere Length and Symptoms of Attention Deficit and Hyperactivity Disorder in Children at 6-12 Years.<\/a> J Atten Disord. 2025;29(6):474-485. doi: 10.1177\/10870547251314923.<\/p>\n<\/li>\n<li>\n<p dir=\"ltr\" role=\"presentation\">S\u00e1nchez-Br\u00edgido F, Aguil\u00f3 Pons A, Pareja Bezares A, Muntaner-Mas A, Calleja-Romero A, Gallego Gil A, Mora Jim\u00e9nez \u00c1, S\u00e1nchez-Raya A, Feriche Fern\u00e1ndez-Castanys B, Moreno Heredero B, Bertr\u00e1n Noguer C, Lloret-Irles D, Conde Caballero D, Ortega-S\u00e1nchez D, Monge Mart\u00edn D, Alvarez Belench\u00f3n D, Juvinya Canal D, Garc\u00eda-Navarro EB, Herrera-Guti\u00e9rrez E, Navarrete-Mu\u00f1oz EM, P\u00e9rez de Portillo Vi\u00f1aspre F, L\u00f3pez R\u00edos F, L\u00f3pez-Mart\u00ed F, Mart\u00edn L\u00f3pez IM, Ord\u00f3\u00f1ez Carrasco JL, Piqueras Rodr\u00edguez JA, Adsuar-Sala JC, L\u00f3pez-Gil JF, Mart\u00ednez-Riera JR, Rich-Ruiz M, Moreno-Brea MJ, Nafr\u00eda Fern\u00e1ndez M, Castell Orell M, S\u00e1nchez Romero M, Moreno-Brea MR, Redel-Mac\u00edas MD, P\u00e9rez de Alb\u00e9niz Garrote MG, C\u00e1ceres-Titos MJ, Sand\u00edn V\u00e1zquez M, Iglesias L\u00f3pez MT, del L\u00edbano Miralles M, Ar\u00e9valo Baeza M, Ma\u00f1as Rodr\u00edguez MA, Corb\u00ed Santamar\u00eda M\u00c1, Gim\u00e9nez Baldazo M, Samper Rivas M, Ortega Barrio M, Monteagudo-Piqueras O, Sobrado-Calvo P, Molina Gil P, Rocamora P\u00e9rez P, L\u00f3pez-Liria R, Hidalgo Ruiz S, Fern\u00e1ndez Ruiz V, Soto-Sanz V. <a href=\"https:\/\/dialnet.unirioja.es\/servlet\/articulo?codigo=10408332\">The COVID-19 Pandemic and Its Role on the Lifestyle of University Students According to Gender.<\/a> Academic Journal of Health Sciences. 2025;40(4):30\u20139. doi:10.3306\/AJHS.2025.40.04.30.<\/p>\n<\/li>\n<li>\n<p dir=\"ltr\" role=\"presentation\">Campos-S\u00e1nchez I, Navarrete-Mu\u00f1oz EM, Barber-Valles JX, Martens DS, Ria\u00f1o-Gal\u00e1n I, Irizar A, Llop S, Guxens M, Rodr\u00edguez-Dehli C, Babarro I, Lozano M, Vrijheid M, Nawrot T, Valera-Gran D. <a href=\"https:\/\/pubmed.ncbi.nlm.nih.gov\/40723068\/\">Telomere Length and Emotional and Behavioral Problems in Children from the Prospective Birth Cohort INfancia y Medio Ambiente (INMA) Study. Children. <\/a> 2025;12:875. doi:10.3390\/children12070875163.<\/p>\n<\/li>\n<\/ul>\n<h6><b>2024<\/b><\/h6>\n<hr \/>\n<ul>\n<li>Lozano M, Soler-Blasco R, Navarrete-Mu\u00f1oz EM, Ria\u00f1o-Galan I, Santa Marina L, Nawrot T, Iriarte G, Martens D, Fern\u00e1ndez-Somoano A, Ibarluezea J, Pinar-Mart\u00ed A, Julvez J, Ballester F, Broberg K, Llop S. <a href=\"https:\/\/www.researchgate.net\/publication\/385823790_Prospective_Study_of_Mercury_Exposure_from_Pregnancy_and_Its_Relation_with_Telomere_Length_in_Spanish_Children\">Prospective study of mercury exposure from pregnancy and its relation with telomere length in Spanish children.<\/a> Expo Health. 2024. doi:10.1007\/s12403-024-00678-w<\/li>\n<li>Guilabert L, C\u00e1rdenas-Ja\u00e9n K, Vaillo-Rocamora A, Garc\u00eda Garc\u00eda de Paredes A, Chhoda A, Sheth SG, L\u00f3pez-Valero C, Zapater P, Navarrete-Mu\u00f1oz EM, Maisonneuve P, Hern\u00e1ndez-Barco YG, Capurso G, Buxbaum JL, de-Madaria E; ERICA consortium.<a href=\"https:\/\/pubmed.ncbi.nlm.nih.gov\/39434191\/\" target=\"_blank\" rel=\"noopener\"> Normal saline versus lactated Ringer&#8217;s solution for acute pancreatitis resuscitation, an open-label multicenter randomized controlled trial: the WATERLAND trial study protocol.<\/a> Trials. 2024;25(1):699. doi: 10.1186\/s13063-024-08539-2.<\/li>\n<li>Briones-Valdivieso C, Salerno PRVO, Navarrete-Mu\u00f1oz EM, Valera-Gran D, L\u00f3pez-Bueno R, Al-Kindi S, Deo SV, Petermann-Rocha F. <a href=\"https:\/\/pubmed.ncbi.nlm.nih.gov\/39163728\/\">Metabolic and behavioural risk factors for cardiovascular diseases in Southern Latin America: analysis of the Global Burden of Disease 1990-2019<\/a>. Public Health. 2024; 235:211-218. doi: 10.1016\/j.puhe.2024.06.039. Epub 2024 Aug 20. PMID: 39163728.<\/li>\n<li><span style=\"font-weight: 400\">Petermann-Rocha F, Diaz-Toro F, Valera-Gran D, Navarrete-Mu\u00f1oz EM. <\/span><a href=\"https:\/\/pubmed.ncbi.nlm.nih.gov\/38807369\/\"><span style=\"font-weight: 400\">Bibliometric analysis of research on sarcopenic obesity: a review of scientific literature<\/span><\/a><span style=\"font-weight: 400\">. Obes Rev. 2024:e13784. doi: 10.1111\/obr.13784. <\/span><\/li>\n<li><span style=\"font-weight: 400\">Gargallo-Puyuelo CJ, Ricart E, Iglesias E, de Francisco R, Gisbert JP, Taxonera C, Ma\u00f1osa M, Aguas Peris M, Navarrete-Mu\u00f1oz EM, Sanahuja A, Guardiola J, Mesonero F, Rivero Tirado M, Barrio J, Vera Mendoza I, de Castro Parga L, Garc\u00eda-Planella E, Calvet X, Mart\u00edn Arranz MD, Garc\u00eda S, Sicilia B, Carpio D, Domenech E, Gomoll\u00f3n F; ENEIDA registry of GETECCU. <\/span><a href=\"https:\/\/pubmed.ncbi.nlm.nih.gov\/38782172\/\"><span style=\"font-weight: 400\">Sex-Related Differences in the Phenotype and Course of Inflammatory Bowel Disease: SEXEII Study of ENEIDA.<\/span><\/a><span style=\"font-weight: 400\"> Clin Gastroenterol Hepatol. 2024:S1542-3565(24)00487-7. doi: 10.1016\/j.cgh.2024.05.013. <\/span><\/li>\n<li><span style=\"font-weight: 400\">Morales E, Prieto-S\u00e1nchez MT, Mendiola J, Cutillas-Tol\u00edn A, Adoamnei E, Valera-Gran D, Mart\u00ednez-Graci\u00e1 C, Santaella-Pascual M, Su\u00e1rez-Martinez C, Vioque J, Casta\u00f1os MJ, Del Castillo E, Garc\u00eda-Marcos L; NELA Study Group. <\/span><a href=\"https:\/\/pubmed.ncbi.nlm.nih.gov\/38631086\/\"><span style=\"font-weight: 400\">Maternal non-compliance with recommended folic acid supplement use alters global DNA methylation in cord blood of newborns: A cohort study<\/span><\/a><span style=\"font-weight: 400\">. Clin Nutr. 2024;43(6):1191-1198. doi: 10.1016\/j.clnu.2024.04.007. <\/span><\/li>\n<li><span style=\"font-weight: 400\">Tahiri I, de Paz-Cantos S, Gonz\u00e1lez-Marr\u00f3n A, Cartany\u00e0-Hueso A, Navarrete-Mu\u00f1oz EM, Mart\u00edn-S\u00e1nchez JC, Lid\u00f3n-Moyano C, P\u00e9rez-Mart\u00edn H, Mart\u00ednez-S\u00e1nchez JM. <\/span><a href=\"https:\/\/akjournals.com\/view\/journals\/066\/53\/1\/article-p107.xml\"><span style=\"font-weight: 400\">Association between leisure screen time and adherence to the Mediterranean diet in a representative sample of Spanish children: A cross-sectional study<\/span><\/a><span style=\"font-weight: 400\">. Acta Alimentaria. 2024; 53 (1): 107-115 doi:10.1556\/066.2023.00270 <\/span><\/li>\n<li style=\"font-weight: 400\"><span style=\"font-weight: 400\">Campos-S\u00e1nchez I, Navarrete-Mu\u00f1oz EM, Hurtado-Pomares M, J\u00falvez J, Lertxundi N, Martens DS, Fern\u00e1ndez-Somoano A, Ria\u00f1o-Gal\u00e1n I, Guxens M, Ibarluzea JM, Nawrot T, Valera-Gran D. <\/span><a href=\"https:\/\/pubmed.ncbi.nlm.nih.gov\/38246982\/\"><span style=\"font-weight: 400\">Association between telomere length and neuropsychological function at 4-5 years in children from the INMA project: a cross-sectional study.<\/span><\/a><span style=\"font-weight: 400\"> Eur Child Adolesc Psychiatry. 2024. doi: 10.1007\/s00787-023-02361-y.<\/span><\/li>\n<\/ul>\n<h6><b>2023<\/b><\/h6>\n<hr \/>\n<ul>\n<li style=\"font-weight: 400\"><span style=\"font-weight: 400\">Petermann-Rocha F, Valera-Gran D, Prieto-Botella D, Martens DS, Gonzalez-Palacios S, Ria\u00f1o-Gal\u00e1n I, Murcia M, Irizar A, Julvez J, Santa-Marina L, Tard\u00f3n A, Sunyer J, Vioque J, Nawrot T, Navarrete-Mu\u00f1oz EM. <\/span><a href=\"https:\/\/pubmed.ncbi.nlm.nih.gov\/37836587\/\"><span style=\"font-weight: 400\">Folic Acid Supplementation during Pregnancy and Its Association with Telomere Length in Children at Four Years: Results from the INMA Birth Cohort Study<\/span><\/a><span style=\"font-weight: 400\">. Nutrients. 2023;15(19):4303. doi: 10.3390\/nu15194303. <\/span><\/li>\n<li style=\"font-weight: 400\"><span style=\"font-weight: 400\">Prieto-Botella D, Martens DS, Valera-Gran D, Subiza-P\u00e9rez M, Tard\u00f3n A, Lozano M, Casas M, Bustamante M, Jimeno-Romero A, Fern\u00e1ndez-Somoano A, Llop S, Vrijheid M, Nawrot TS, Navarrete-Mu\u00f1oz EM. <\/span><a href=\"https:\/\/pubmed.ncbi.nlm.nih.gov\/36982042\/\"><span style=\"font-weight: 400\">Sedentary Behaviour and Telomere Length Shortening during Early Childhood: Evidence from the Multicentre Prospective INMA Cohort Study<\/span><\/a><span style=\"font-weight: 400\">. Int J Environ Res Public Health. 2023;20(6):5134. doi: 10.3390\/ijerph20065134. <\/span><\/li>\n<li style=\"font-weight: 400\"><span style=\"font-weight: 400\">Alcubierre N, Granado-Casas M, Bogdanov P, Hern\u00e1ndez C, Ramos H, Castelblanco E, Real J, Rubinat-Arnaldo E, Traveset A, Hern\u00e1ndez M, Jurjo C, Vioque J, Navarrete-Mu\u00f1oz EM, Sim\u00f3 R, Mauricio D. <\/span><a href=\"https:\/\/pubmed.ncbi.nlm.nih.gov\/36904168\/\"><span style=\"font-weight: 400\">Caffeine and the Risk of Diabetic Retinopathy in Type 2 Diabetes Mellitus: Findings from Clinical and Experimental Studies<\/span><\/a><span style=\"font-weight: 400\">. Nutrients. 2023;15(5):1169. doi: 10.3390\/nu15051169. <\/span><\/li>\n<li style=\"font-weight: 400\"><span style=\"font-weight: 400\">Petermann-Rocha F, Valera-Gran D, Fern\u00e1ndez-Pires P, Martens DS, J\u00falvez J, Rodr\u00edguez-Dehli C, Andiarena A, Lozano M, Fern\u00e1ndez-Somoano A, Lertxundi A, Llop S, Guxens M, Nawrot TS, Navarrete-Mu\u00f1oz EM. <\/span><a href=\"https:\/\/pubmed.ncbi.nlm.nih.gov\/35974160\/\"><span style=\"font-weight: 400\">Children who sleep more may have longer telomeres: evidence from a longitudinal population study in Spain<\/span><\/a><span style=\"font-weight: 400\">. Pediatr Res. 2023;93(5):1419-1424. doi: 10.1038\/s41390-022-02255-w. <\/span><\/li>\n<\/ul>\n<h6><b>2022<\/b><\/h6>\n<hr \/>\n<ul>\n<li style=\"font-weight: 400\"><span style=\"font-weight: 400\">Ju\u00e1rez-Leal I, Carretero-Rodr\u00edguez E, Almagro-Garc\u00eda F, Mart\u00ednez S, Echevarr\u00eda D, Puelles E. <\/span><a href=\"https:\/\/pubmed.ncbi.nlm.nih.gov\/35710872\/\"><span style=\"font-weight: 400\">Stria medullaris innervation follows the transcriptomic division of the habenula.<\/span><\/a><span style=\"font-weight: 400\"> Sci Rep. 2022;12(1):10118. doi: 10.1038\/s41598-022-14328-1. <\/span><\/li>\n<li style=\"font-weight: 400\"><span style=\"font-weight: 400\">Vila-Marti A, Ram\u00edrez-Contreras C, Apolinar-Jim\u00e9nez E, Rojas-C\u00e1rdenas P, Valera-Gran D, Almendra-Pegueros R, Navarrete-Mu\u00f1oz EM. <\/span><a href=\"https:\/\/pubmed.ncbi.nlm.nih.gov\/36432551\/\"><span style=\"font-weight: 400\">Factors Associated with Dietary Restriction and Emotional and Uncontrolled Eating in Adults from Spanish-Speaking Countries during the COVID-19 Confinement: Results of the CoV-Eat Project<\/span><\/a><span style=\"font-weight: 400\">. Nutrients. 2022;14(22):4866. doi: 10.3390\/nu14224866 <\/span><\/li>\n<li style=\"font-weight: 400\"><span style=\"font-weight: 400\">Valera-Gran D, Prieto-Botella D, Hurtado-Pomares M, Baladia E, Petermann-Rocha F, S\u00e1nchez-P\u00e9rez A, Navarrete-Mu\u00f1oz EM<\/span><a href=\"https:\/\/pubmed.ncbi.nlm.nih.gov\/36235538\/\"><span style=\"font-weight: 400\">. The Impact of Foods, Nutrients, or Dietary Patterns on Telomere Length in Childhood and Adolescence: A Systematic Review.<\/span><\/a><span style=\"font-weight: 400\"> Nutrients. 2022;14(19):3885. doi: 10.3390\/nu14193885. <\/span><\/li>\n<li style=\"font-weight: 400\"><span style=\"font-weight: 400\">Prieto-Botella D, Valera-Gran D, Santa-Marina L, Babarro I, Subiza-P\u00e9rez M, Casas M, Guxens M, C\u00e1rdenas-Fuentes G, Heude B, Bernard JY, McEachan RRC, Garc\u00eda-Aymerich J, Vrijheid M, Navarrete-Mu\u00f1oz EM. <\/span><a href=\"https:\/\/pubmed.ncbi.nlm.nih.gov\/35954544\/\"><span style=\"font-weight: 400\">Validation of a Parent-Reported Physical Activity Questionnaire by Accelerometry in European Children Aged from 6 to 12 Years Old.<\/span><\/a><span style=\"font-weight: 400\"> Int J Environ Res Public Health. 2022;19(15):9178. doi: 10.3390\/ijerph19159178. <\/span><\/li>\n<\/ul>\n<h6><b>2021<\/b><\/h6>\n<hr \/>\n<ul>\n<li style=\"font-weight: 400\"><span style=\"font-weight: 400\">Notario-Barandiaran L, Navarrete-Mu\u00f1oz EM, Valera-Gran D, Hern\u00e1ndez-\u00c1lvarez E, Donoso-Navarro E, Gonz\u00e1lez-Palacios S, Garc\u00eda-de-la-Hera M, Fern\u00e1ndez MF, Freire C, Vioque J. <\/span><a href=\"https:\/\/pubmed.ncbi.nlm.nih.gov\/34066826\/\"><span style=\"font-weight: 400\">Biochemical Validation of a Self-Administered Food Frequency Questionnaire to Assess Diet Using Carotenoids and Vitamins E and D in Male Adolescents in Spain<\/span><\/a><span style=\"font-weight: 400\">. Antioxidants (Basel). 2021;10(5):750. doi: 10.3390\/antiox10050750. <\/span><\/li>\n<li style=\"font-weight: 400\"><span style=\"font-weight: 400\">Navarrete-Mu\u00f1oz EM, Vioque J, Toledo E, Oncina-Canovas A, Mart\u00ednez-Gonz\u00e1lez M\u00c1, Salas-Salvad\u00f3 J, Corella D, Fit\u00f3 M, Romaguera D, Alonso-G\u00f3mez \u00c1M, W\u00e4rnberg J, Mart\u00ednez JA, Serra-Majem L, Estruch R, Tinahones FJ, Lapetra J, Pint\u00f3 X, Tur JA, L\u00f3pez-Miranda J, Bueno-Cavanillas A, Mat\u00eda-Mart\u00edn P, Daimiel L, S\u00e1nchez VM, Vidal J, de Cos Blanco AI, Ros E, Diez-Espino J, Babio N, Fernandez-Carrion R, Casta\u00f1er O, Colom A, Compa\u00f1-Gabucio L, Lete IS, Crespo-Oliva E, Abete I, Tomaino L, Casas R, Fernandez-Garcia JC, Santos-Lozano JM, Sarasa I, G\u00e1mez JM, Garcia-Rios JMA, Mart\u00edn-Pelaez S, Ruiz-Canela M, D\u00edaz-L\u00f3pez A, Martinez-Lacruz R, Zome\u00f1o MD, Ray\u00f3 E, Sell\u00e9s CG, Canudas S, Goday A, Garc\u00eda-de-la-Hera M. <\/span><a href=\"https:\/\/pubmed.ncbi.nlm.nih.gov\/32833162\/\"><span style=\"font-weight: 400\">Dietary folate intake and metabolic syndrome in participants of PREDIMED-Plus study: a cross-sectional study.<\/span><\/a><span style=\"font-weight: 400\"> Eur J Nutr. 2021;60(2):1125-1136. doi: 10.1007\/s00394-020-02364-4. <\/span><\/li>\n<\/ul>\n<h6><b>2020<\/b><\/h6>\n<hr \/>\n<ul>\n<li style=\"font-weight: 400\"><span style=\"font-weight: 400\">Beltr\u00e1 M, Soares-Micoanski K, Navarrete-Mu\u00f1oz EM, Ropero AB. <\/span><a href=\"https:\/\/pubmed.ncbi.nlm.nih.gov\/33096905\/\"><span style=\"font-weight: 400\">Nutrient Composition of Foods Marketed to Children or Adolescents Sold in the Spanish Market: Are They Any Better?<\/span><\/a><span style=\"font-weight: 400\"> Int J Environ Res Public Health. 2020;17(20):7699. doi: 10.3390\/ijerph17207699. <\/span><\/li>\n<li style=\"font-weight: 400\"><span style=\"font-weight: 400\">O&#8217;Connor G, Julvez J, Fernandez-Barr\u00e9s S, Navarrete-Mu\u00f1oz EM, Murcia M, Tard\u00f3n A, Gal\u00e1n IR, Amiano P, Ibarluzea J, Garcia-Esteban R, Vrijheid M, Sunyer J, Romaguera D. <\/span><a href=\"https:\/\/pubmed.ncbi.nlm.nih.gov\/32764493\/\"><span style=\"font-weight: 400\">Association of Lifestyle Factors and Neuropsychological Development of 4-Year-Old Children<\/span><\/a><span style=\"font-weight: 400\">. Int J Environ Res Public Health. 2020;17(16):5668. doi: 10.3390\/ijerph17165668. <\/span><\/li>\n<li style=\"font-weight: 400\"><span style=\"font-weight: 400\">Valera-Gran D, Prieto-Botella D, Peral-G\u00f3mez P, Hurtado-Pomares M, S\u00e1nchez-P\u00e9rez A, Navarrete-Mu\u00f1oz EM. <\/span><a href=\"https:\/\/pubmed.ncbi.nlm.nih.gov\/32604805\/\"><span style=\"font-weight: 400\">Bibliometric Analysis of Research on Telomere Length in Children: A Review of Scientific Literature<\/span><\/a><span style=\"font-weight: 400\">. Int J Environ Res Public Health. 2020;17(12):4593. doi: 10.3390\/ijerph17124593. <\/span><\/li>\n<li style=\"font-weight: 400\"><span style=\"font-weight: 400\">Murcia-Ram\u00f3n R, Company V, Ju\u00e1rez-Leal I, Andreu-Cervera A, Almagro-Garc\u00eda F, Mart\u00ednez S, Echevarr\u00eda D, Puelles E. <\/span><a href=\"https:\/\/pubmed.ncbi.nlm.nih.gov\/33145610\/\"><span style=\"font-weight: 400\">Neuronal tangential migration from Nkx2.1-positive hypothalamus. Brain Struct Funct <\/span><\/a><span style=\"font-weight: 400\">. 2020;225(9):2857-2869. doi: 10.1007\/s00429-020-02163-x. <\/span><\/li>\n<li style=\"font-weight: 400\"><span style=\"font-weight: 400\">\u00c1d\u00e1m \u00c1, Kemecsei R, Company V, Murcia-Ram\u00f3n R, Juarez I, Gerecsei LI, Zachar G, Echevarr\u00eda D, Puelles E, Mart\u00ednez S, Csillag A. <\/span><a href=\"https:\/\/pubmed.ncbi.nlm.nih.gov\/32581730\/\"><span style=\"font-weight: 400\">Gestational Exposure to Sodium Valproate Disrupts Fasciculation of the Mesotelencephalic Dopaminergic Tract, With a Selective Reduction of Dopaminergic Output From the Ventral Tegmental Area<\/span><\/a><span style=\"font-weight: 400\">. Front Neuroanat. 2020;14:29. doi: 10.3389\/fnana.2020.00029. <\/span><\/li>\n<\/ul>\n<p>[\/et_pb_tab][\/et_pb_tabs][\/et_pb_column][\/et_pb_row][\/et_pb_section]<\/p>\n","protected":false},"excerpt":{"rendered":"<p>2026 Mu\u00f1oz-S\u00e1nchez R, Hurtado-Pomares M, Ju\u00e1rez-Leal I, Jorquera-Cabrera S, Pi\u00f1ero J, Navarrete-Mu\u00f1oz EM, Valera-Gran D. Sensory Reactivity Among School-Age Children and Parental Stress: Findings From the Population-Based InProS Study. Am J Occup Ther. 2026;80(1):8001185050. doi: 10.5014\/ajot.2025.051224. 2025 Valera-Gran D, Hurtado-Pomares M, Ju\u00e1rez-Leal I, Mu\u00f1oz-S\u00e1nchez R, Campos-S\u00e1nchez I, Noce P, Pi\u00f1ero J, Navarrete-Mu\u00f1oz EM. The EQo-Mental [&hellip;]<\/p>\n","protected":false},"author":16999,"featured_media":0,"parent":0,"menu_order":0,"comment_status":"closed","ping_status":"closed","template":"","meta":{"_et_pb_use_builder":"on","_et_pb_old_content":"","_et_gb_content_width":"","_links_to":"","_links_to_target":""},"_links":{"self":[{"href":"https:\/\/inteo.umh.es\/en\/wp-json\/wp\/v2\/pages\/1508"}],"collection":[{"href":"https:\/\/inteo.umh.es\/en\/wp-json\/wp\/v2\/pages"}],"about":[{"href":"https:\/\/inteo.umh.es\/en\/wp-json\/wp\/v2\/types\/page"}],"author":[{"embeddable":true,"href":"https:\/\/inteo.umh.es\/en\/wp-json\/wp\/v2\/users\/16999"}],"replies":[{"embeddable":true,"href":"https:\/\/inteo.umh.es\/en\/wp-json\/wp\/v2\/comments?post=1508"}],"version-history":[{"count":0,"href":"https:\/\/inteo.umh.es\/en\/wp-json\/wp\/v2\/pages\/1508\/revisions"}],"wp:attachment":[{"href":"https:\/\/inteo.umh.es\/en\/wp-json\/wp\/v2\/media?parent=1508"}],"curies":[{"name":"wp","href":"https:\/\/api.w.org\/{rel}","templated":true}]}}